{"version":"1.0","provider_name":"UGT Ayuntamiento de Santander","provider_url":"https:\/\/ugtaytosantander.es\/portal","author_name":"Julio Barcena","author_url":"https:\/\/ugtaytosantander.es\/portal\/author\/jbr1254\/","title":"Una de torrijas, torreznos o campa\u00f1a electoral. - UGT Ayuntamiento de Santander","type":"rich","width":600,"height":338,"html":"<blockquote class=\"wp-embedded-content\" data-secret=\"rWuvVlOOnW\"><a href=\"https:\/\/ugtaytosantander.es\/portal\/una-de-torrijas-torreznos-o-campana-electoral\/\">Una de torrijas, torreznos o campa\u00f1a electoral.<\/a><\/blockquote><iframe sandbox=\"allow-scripts\" security=\"restricted\" src=\"https:\/\/ugtaytosantander.es\/portal\/una-de-torrijas-torreznos-o-campana-electoral\/embed\/#?secret=rWuvVlOOnW\" width=\"600\" height=\"338\" title=\"\u00abUna de torrijas, torreznos o campa\u00f1a electoral.\u00bb \u2014 UGT Ayuntamiento de Santander\" data-secret=\"rWuvVlOOnW\" frameborder=\"0\" marginwidth=\"0\" marginheight=\"0\" scrolling=\"no\" class=\"wp-embedded-content\"><\/iframe><script type=\"text\/javascript\">\n\/* <![CDATA[ *\/\n\/*! This file is auto-generated *\/\n!function(d,l){\"use strict\";l.querySelector&&d.addEventListener&&\"undefined\"!=typeof URL&&(d.wp=d.wp||{},d.wp.receiveEmbedMessage||(d.wp.receiveEmbedMessage=function(e){var t=e.data;if((t||t.secret||t.message||t.value)&&!\/[^a-zA-Z0-9]\/.test(t.secret)){for(var s,r,n,a=l.querySelectorAll('iframe[data-secret=\"'+t.secret+'\"]'),o=l.querySelectorAll('blockquote[data-secret=\"'+t.secret+'\"]'),c=new RegExp(\"^https?:$\",\"i\"),i=0;i<o.length;i++)o[i].style.display=\"none\";for(i=0;i<a.length;i++)s=a[i],e.source===s.contentWindow&&(s.removeAttribute(\"style\"),\"height\"===t.message?(1e3<(r=parseInt(t.value,10))?r=1e3:~~r<200&&(r=200),s.height=r):\"link\"===t.message&&(r=new URL(s.getAttribute(\"src\")),n=new URL(t.value),c.test(n.protocol))&&n.host===r.host&&l.activeElement===s&&(d.top.location.href=t.value))}},d.addEventListener(\"message\",d.wp.receiveEmbedMessage,!1),l.addEventListener(\"DOMContentLoaded\",function(){for(var e,t,s=l.querySelectorAll(\"iframe.wp-embedded-content\"),r=0;r<s.length;r++)(t=(e=s[r]).getAttribute(\"data-secret\"))||(t=Math.random().toString(36).substring(2,12),e.src+=\"#?secret=\"+t,e.setAttribute(\"data-secret\",t)),e.contentWindow.postMessage({message:\"ready\",secret:t},\"*\")},!1)))}(window,document);\n\/\/# sourceURL=https:\/\/ugtaytosantander.es\/portal\/wp-includes\/js\/wp-embed.min.js\n\/* ]]> *\/\n<\/script>\n","description":"El pasado d\u00eda 20 en la Mesa General se trataron varios asuntos entre ellos; la Instrucci\u00f3n dada por parte del Ayuntamiento sobre el disfrute del permiso de natalidad. Arturo Pont\u00f3n, en representacion de UGT, manifest\u00f3 que se estaba produciendo un agravio comparativo entre compa\u00f1eros, puesto que durante todo este tiempo se hab\u00eda estado disfrutando de [&hellip;]"}