{"id":3,"date":"2019-03-28T11:43:54","date_gmt":"2019-03-28T10:43:54","guid":{"rendered":"http:\/\/ugtaytosantander.es\/portal\/?page_id=3"},"modified":"2019-05-30T10:02:41","modified_gmt":"2019-05-30T08:02:41","slug":"politica-privacidad","status":"publish","type":"page","link":"https:\/\/ugtaytosantander.es\/portal\/politica-privacidad\/","title":{"rendered":"Pol\u00edtica de privacidad"},"content":{"rendered":"\r\n<h3 class=\"wp-block-heading\"><a name=\"_Toc514251980\"><\/a>POL\u00cdTICA DE PRIVACIDAD RGPD<\/h3>\r\n<ol>\r\n<li><strong><u>Informaci\u00f3n<\/u><\/strong><\/li>\r\n<\/ol>\r\n<ul>\r\n<li>Responsable del tratamiento: FeSP UGT Cantabria<\/li>\r\n<li>CIF: G78085149<\/li>\r\n<li>Postal: C\/ Rualasal 8, 5\u00aa Planta \u2013 Santander \u2013 39001 (Santander)<\/li>\r\n<li>Tel\u00e9fono: 942364622<\/li>\r\n<li>Contacto Delegado de Protecci\u00f3n de Datos (DPO):fesporg@cantabria.ugt.org<\/li>\r\n<\/ul>\r\n<ol start=\"2\">\r\n<li><strong><u>Finalidades<\/u><\/strong><\/li>\r\n<\/ol>\r\n<p>En nombre de <strong>FESP UGT CANTABRIA<\/strong>, te informamos que tratamos la informaci\u00f3n que, voluntariamente, nos facilitas, con las siguientes <strong>finalidades principales<\/strong>:<\/p>\r\n<ul>\r\n<li>Atenci\u00f3n a consultas y contactos recibidos a trav\u00e9s de este Sitio Web.<\/li>\r\n<\/ul>\r\n<ol start=\"3\">\r\n<li><strong><u>Conservaci\u00f3n<\/u><\/strong><\/li>\r\n<\/ol>\r\n<p>Con respecto a los datos proporcionados, se conservar\u00e1n durante no m\u00e1s tiempo del necesario para gestionar la resoluci\u00f3n y respuesta a la consulta planteada, en relaci\u00f3n con cada consulta concreta, as\u00ed como el per\u00edodo exigido por aquellos requerimientos legales aplicables a <strong>FESP UGT CANTABRIA<\/strong>.<\/p>\r\n<ol start=\"4\">\r\n<li><strong><u>Legitimaci\u00f3n <\/u><\/strong><\/li>\r\n<\/ol>\r\n<p>Te informamos que la base jur\u00eddica en la que se basa el tratamiento de tus datos personales para la finalidad principal indicada es:<\/p>\r\n<ul>\r\n<li>Obtenci\u00f3n de tu consentimiento inequ\u00edvoco.<\/li>\r\n<\/ul>\r\n<p>Adem\u00e1s, es importante que conozcas que el car\u00e1cter de tus respuestas es voluntario, pero el hecho de no proporcionar tus datos implica no poder llevar a cabo la finalidad principal antes mencionada.<\/p>\r\n<ol start=\"5\">\r\n<li><strong><u>Destinatarios<\/u><\/strong><\/li>\r\n<\/ol>\r\n<p>Para gestionar correctamente las finalidades principales anteriormente mencionadas, y en funci\u00f3n del tipo de consulta que el usuario haya planteado, puede ser necesario ceder tus datos a otros colectivos de la Organizaci\u00f3n, tales como:<\/p>\r\n<ul>\r\n<li>Uniones y Federaciones pertenecientes a la Confederaci\u00f3n de la Uni\u00f3n General de Trabajadores de Espa\u00f1a, en la b\u00fasqueda del cumplimiento y \u00e1gil resoluci\u00f3n de la consulta planteada por el usuario.<\/li>\r\n<\/ul>\r\n<p>Adem\u00e1s, no ser\u00e1 necesario enviar tus datos a pa\u00edses que se encuentren situados fuera de la Uni\u00f3n Europea.<\/p>\r\n<ol start=\"6\">\r\n<li><strong><u>Derechos<\/u><\/strong><\/li>\r\n<\/ol>\r\n<p>Como titular de los datos tratados por <strong>FESP UGT CANTABRIA<\/strong>, tienes la posibilidad de ejercitar tus derechos de acceso, rectificaci\u00f3n, oposici\u00f3n, supresi\u00f3n, limitaci\u00f3n del tratamiento, portabilidad y a no ser objeto de decisiones individualizadas basadas exclusivamente en tratamientos automatizados.<\/p>\r\n<p>Estos Derechos, podr\u00e1n ejercitarse mediante comunicaci\u00f3n a las siguientes direcciones:<\/p>\r\n<ul>\r\n<li>Correo electr\u00f3nico: fesporg@cantabria.ugt.org<\/li>\r\n<li>Direcci\u00f3n Postal: Rualasal 8, 5\u00aa planta 39001 Santander<\/li>\r\n<\/ul>\r\n<p>Adem\u00e1s, sin perjuicio de que hayas mostrado tu consentimiento para realizar el tratamiento sobre tus datos, es importante que conozcas la posibilidad de retirarlo en cualquier momento mediante petici\u00f3n enviada a las anteriores direcciones.<\/p>\r\n<p>Por \u00faltimo, tienes la posibilidad de realizar una reclamaci\u00f3n ante la Agencia Espa\u00f1ola de Protecci\u00f3n de Datos, \u00f3rgano competente en materia de Protecci\u00f3n de Datos en Espa\u00f1a.<\/p>\r\n<h3><a name=\"_Toc514251978\"><\/a><strong>AVISO LEGAL<\/strong><\/h3>\r\n<ol>\r\n<li><strong>Datos de la empresa<\/strong><\/li>\r\n<\/ol>\r\n<p>El presente sitio web es propiedad de Uni\u00f3n General de Trabajadores de Cantabria (en adelante <strong>FESP UGT CANTABRIA<\/strong>). En virtud del cumplimiento del Art. 10 de la Ley 34\/2002, de Servicios de la Sociedad de la Informaci\u00f3n, le informamos que los datos identificativos del titular de la p\u00e1gina son:<\/p>\r\n<p>Raz\u00f3n Social: Uni\u00f3n General de Trabajadores de Cantabria<\/p>\r\n<p>Direcci\u00f3n: C\/ Rualasal 8, 5\u00aa Planta \u2013 Santander \u2013 39001 (Santander)<\/p>\r\n<p>CIF: G78085149<\/p>\r\n<p>Telf: <strong>942364622<\/strong><\/p>\r\n<p>El acceso a este sitio web supone la aceptaci\u00f3n expresa del Usuario a las presentes Condiciones Generales y Particulares de Uso, que podr\u00e1n ser modificadas o sustituidas por su titular en cualquier momento y sin previo aviso.<\/p>\r\n<p>El usuario se compromete a utilizar el portal y sus servicios y contenidos sin infringir la legislaci\u00f3n vigente, la buena fe y el orden p\u00fablico.<\/p>\r\n<p>El usuario se compromete a no utilizar el contenido de la p\u00e1gina web con fines il\u00edcitos, contrarios a lo establecido en este Aviso Legal. No se lesionar\u00e1n derechos e intereses de terceros, ni se realizar\u00e1n acciones que de cualquier forma puedan da\u00f1ar, inutilizar, sobrecargar, o deteriorar el sitio web.<\/p>\r\n<p>Asimismo, <strong>FESP UGT CANTABRIA <\/strong>se reserva el derecho de impedir el acceso a los usuarios al sitio web en caso de incumplimiento o violaci\u00f3n de estas obligaciones, as\u00ed como del resto de las condiciones generales o de la Ley.<\/p>\r\n<p>Queda expresamente prohibida la utilizaci\u00f3n por parte del usuario de los contenidos y servicios del portal para todo tipo de fines comerciales y publicitarios.<\/p>\r\n<p><strong>FESP UGT CANTABRIA <\/strong>no se hace responsable en ning\u00fan caso de cualquier tipo de informaci\u00f3n, comunicaci\u00f3n, etc., que tenga su origen en el usuario o cualquier tercera persona o entidad y que se difunda, transmita o exhiba a trav\u00e9s del Portal.<\/p>\r\n<p><strong>FESP UGT CANTABRIA <\/strong>se reserva la facultad de efectuar, en cualquier momento y sin necesidad de previo aviso, modificaciones y actualizaciones de la informaci\u00f3n contenida en la web, de la configuraci\u00f3n y presentaci\u00f3n de \u00e9sta y de las condiciones generales de acceso.<\/p>\r\n<ol start=\"2\">\r\n<li><strong>Propiedad Intelectual e Industrial<\/strong><\/li>\r\n<\/ol>\r\n<p>Los contenidos, documentaci\u00f3n, im\u00e1genes, gr\u00e1ficos, marcas, logos y dise\u00f1o que forman esta web son propiedad de <strong>FESP UGT CANTABRIA <\/strong>y se encuentran debidamente protegidos de conformidad con la normativa espa\u00f1ola e internacional sobre Propiedad Intelectual, por lo que queda expresamente prohibida su reproducci\u00f3n, uso, en cualquiera de sus formas, o cualquier otra forma de explotaci\u00f3n, sin la previa y expresa autorizaci\u00f3n de la Organizaci\u00f3n. En caso contrario se dar\u00e1 lugar a las responsabilidades legalmente establecidas.<\/p>\r\n<p>Es a <strong>FESP UGT CANTABRIA <\/strong>a quien corresponde el ejercicio exclusivo de los derechos de explotaci\u00f3n de los mismos en cualquier forma y, en especial, los derechos de reproducci\u00f3n, distribuci\u00f3n, comunicaci\u00f3n p\u00fablica y transformaci\u00f3n.<\/p>\r\n<p>\u00danicamente se autoriza la visualizaci\u00f3n, impresi\u00f3n y descarga parcial del contenido de la web si concurre alguna de las siguientes condiciones:<\/p>\r\n<ul>\r\n<li>Que sea compatible con los fines de la web y exista una autorizaci\u00f3n previa por parte de <strong>FESP UGT CANTABRIA<\/strong>.<\/li>\r\n<li>Que se realice con el exclusivo \u00e1nimo de obtener la informaci\u00f3n contenida para uso personal y privado. Se proh\u00edbe expresamente su utilizaci\u00f3n con fines comerciales o para su distribuci\u00f3n, comunicaci\u00f3n p\u00fablica, transformaci\u00f3n o descompilaci\u00f3n, salvo que medie autorizaci\u00f3n previa.<\/li>\r\n<li>Que ninguno de los contenidos relacionados en la web sean modificados de manera alguna.<\/li>\r\n<li>Que ning\u00fan gr\u00e1fico, icono o imagen disponible en la Web sea utilizado, copiado o distribuido separadamente del resto de im\u00e1genes que lo acompa\u00f1an.<\/li>\r\n<\/ul>\r\n<p>Respecto a las citas de productos y servicios de terceros, la Organizaci\u00f3n reconoce a favor de sus titulares los correspondientes derechos de propiedad industrial e intelectual, no implicando su sola menci\u00f3n o aparici\u00f3n en la web la existencia de derechos o responsabilidad alguna sobre los mismos.<\/p>\r\n<p>Las personas o empresas que remitan cualquier tipo de informaci\u00f3n o contenido a <strong>FESP UGT CANTABRIA <\/strong>se comprometen a que la misma sea veraz y no vulnere o infrinja cualquier derecho de tercero ni sea contraria a la ley y el orden p\u00fablico.<\/p>\r\n<p>Si usted cree que cualquier contenido y\/o informaci\u00f3n de esta web vulnera un derecho leg\u00edtimo o la normativa vigente no dude en contactar con nosotros a la direcci\u00f3n postal indicada.<\/p>\r\n<ol start=\"3\">\r\n<li><strong>Enlaces<\/strong><\/li>\r\n<\/ol>\r\n<p>Para enlazar la p\u00e1gina <strong>FESP UGT CANTABRIA <\/strong>ser\u00e1 necesaria la autorizaci\u00f3n expresa y por escrito de los titulares del portal que as\u00ed lo requiriesen.<\/p>\r\n<p>Todo enlace de terceros a la web debe serlo a su p\u00e1gina principal, quedando expresamente prohibidos los \u201clinks profundos\u201d, el \u201cframing\u201d y cualquier otro aprovechamiento de los contenidos de la misma, a favor de terceros no autorizados.<\/p>\r\n<p><strong>FESP UGT CANTABRIA <\/strong>no se hace responsable de los enlaces externos contenidos en este Sitio Web, los cuales conducen a sitios gestionados por terceros. El uso de enlaces externos tampoco implica que <strong>FESP UGT CANTABRIA <\/strong>recomiende o aprueba los contenidos de las p\u00e1ginas de destino, ni garantiza la ausencia de virus u otros elementos en los mismos que puedan producir alteraciones en el sistema inform\u00e1tico (hardware y software), en los documentos o los ficheros del usuario, excluyendo cualquier responsabilidad por los da\u00f1os de cualquier clase causados al usuario por este motivo.<\/p>\r\n<ol start=\"4\">\r\n<li><strong>Responsabilidad<\/strong><\/li>\r\n<\/ol>\r\n<p>En primer lugar, se tendr\u00e1 en cuenta lo dispuesto en el r\u00e9gimen de exenci\u00f3n de responsabilidad para los prestadores de servicios de la sociedad de la informaci\u00f3n previstos en la Ley de Servicios de la Sociedad de la Informaci\u00f3n y Comercio Electr\u00f3nico (LSSICE).<\/p>\r\n<p>Por un lado<strong>, FESP UGT CANTABRIA <\/strong>no se hace responsable de los da\u00f1os ocasionados en los sistemas inform\u00e1ticos de los usuarios por causas ajenas a su voluntad o atribuibles a la conducta negligente del usuario, ni de aquellos que sean producidos por la existencia de virus inform\u00e1ticos en Internet sobre los que <strong>FESP UGT CANTABRIA <\/strong>no tenga capacidad de control. La Organizaci\u00f3n tampoco se hace responsable de las dificultades t\u00e9cnicas que puedan encontrar los usuarios de este sitio web, cuando la causa no es imputable a <strong>FESP UGT CANTABRIA<\/strong>, ni de los da\u00f1os y perjuicios que esto pudiera ocasionar.<\/p>\r\n<p>En el caso en que se produzcan alguna de las situaciones anteriores, el usuario podr\u00e1 ponerse en contacto con <strong>FESP <\/strong><strong>UGT CANTABRIA,<\/strong> a trav\u00e9s de la direcci\u00f3n habilitada a tal efecto, de tal manera que pueda tener conocimiento del problema y resolverlo lo m\u00e1s diligentemente posible.<\/p>\r\n<p>En el caso de que cualquier usuario considerara que el contenido de la web o los servicios prestados por las p\u00e1ginas enlazadas son il\u00edcitos o lesionan bienes o derechos del propio usuario o de un tercero susceptibles de indemnizaci\u00f3n, y, en particular, consistan en:<\/p>\r\n<ul>\r\n<li>Actividades o contenidos susceptibles de ser considerados delictivos conforme a la normativa penal espa\u00f1ola.<\/li>\r\n<li>Actividades o contenidos que violen derechos de propiedad intelectual o industrial.<\/li>\r\n<li>Actividades o contenidos que pongan en peligro el orden p\u00fablico, la investigaci\u00f3n penal, la seguridad p\u00fablica y la defensa nacional.<\/li>\r\n<li>Actividades o contenidos que pongan en peligro la protecci\u00f3n de la salud p\u00fablica, el respeto a la dignidad de la persona y al principio de no discriminaci\u00f3n, y la protecci\u00f3n de la salud y la infancia.<\/li>\r\n<\/ul>\r\n<p>No dude en contactar con nosotros en la direcci\u00f3n indicada, de tal manera que <strong>FESP <\/strong><strong>UGT CANTABRIA <\/strong>pueda revisar esos contenidos con la mayor diligencia, actuando en consonancia con los mismos.<\/p>\r\n<p>El usuario responder\u00e1 y estar\u00e1 obligado a indemnizar a <strong>FESP <\/strong><strong>UGT CANTABRIA <\/strong>por cualquier da\u00f1o o perjuicio que pudiera derivarse de la utilizaci\u00f3n y\/o consulta del presente sitio web que se haya producido infringiendo las condiciones generales o la normativa vigente.<\/p>\r\n<ol start=\"5\">\r\n<li><strong>Jurisdicci\u00f3n<\/strong><\/li>\r\n<\/ol>\r\n<p>La Organizaci\u00f3n y el usuario, con renuncia expresa a cualquier otro fuero, se someten al de los juzgados y tribunales del domicilio del usuario para cualquier controversia que pudiera derivarse del acceso, o uso de la web. En el caso de que el usuario tenga su domicilio fuera de Espa\u00f1a, <strong>FESP <\/strong><strong>UGT CANTABRIA <\/strong>y el usuario se someten, con renuncia expresa a cualquier otro fuero, a los juzgados y tribunales de <strong>Santander<\/strong>.<\/p>\r\n","protected":false},"excerpt":{"rendered":"<p>POL\u00cdTICA DE PRIVACIDAD RGPD Informaci\u00f3n Responsable del tratamiento: FeSP UGT Cantabria CIF: G78085149 Postal: C\/ Rualasal 8, 5\u00aa Planta \u2013 Santander \u2013 39001 (Santander) Tel\u00e9fono: 942364622 Contacto Delegado de Protecci\u00f3n de Datos (DPO):fesporg@cantabria.ugt.org Finalidades En nombre de FESP UGT CANTABRIA, te informamos que tratamos la informaci\u00f3n que, voluntariamente, nos facilitas, con las siguientes finalidades principales: [&hellip;]<\/p>\n","protected":false},"author":1,"featured_media":0,"parent":0,"menu_order":0,"comment_status":"closed","ping_status":"open","template":"","meta":{"_exactmetrics_skip_tracking":false,"_exactmetrics_sitenote_active":false,"_exactmetrics_sitenote_note":"","_exactmetrics_sitenote_category":0,"_genesis_hide_title":false,"_genesis_hide_breadcrumbs":false,"_genesis_hide_singular_image":false,"_genesis_hide_footer_widgets":false,"_genesis_custom_body_class":"","_genesis_custom_post_class":"","_genesis_layout":"","footnotes":""},"class_list":{"0":"post-3","1":"page","2":"type-page","3":"status-publish","5":"entry"},"yoast_head":"<!-- This site is optimized with the Yoast SEO plugin v27.5 - https:\/\/yoast.com\/product\/yoast-seo-wordpress\/ -->\n<title>Pol\u00edtica de privacidad - UGT Ayuntamiento de Santander<\/title>\n<meta name=\"robots\" content=\"index, follow, max-snippet:-1, max-image-preview:large, max-video-preview:-1\" \/>\n<link rel=\"canonical\" href=\"https:\/\/ugtaytosantander.es\/portal\/politica-privacidad\/\" \/>\n<meta property=\"og:locale\" content=\"es_ES\" \/>\n<meta property=\"og:type\" content=\"article\" \/>\n<meta property=\"og:title\" content=\"Pol\u00edtica de privacidad - UGT Ayuntamiento de Santander\" \/>\n<meta property=\"og:description\" content=\"POL\u00cdTICA DE PRIVACIDAD RGPD Informaci\u00f3n Responsable del tratamiento: FeSP UGT Cantabria CIF: G78085149 Postal: C\/ Rualasal 8, 5\u00aa Planta \u2013 Santander \u2013 39001 (Santander) Tel\u00e9fono: 942364622 Contacto Delegado de Protecci\u00f3n de Datos (DPO):fesporg@cantabria.ugt.org Finalidades En nombre de FESP UGT CANTABRIA, te informamos que tratamos la informaci\u00f3n que, voluntariamente, nos facilitas, con las siguientes finalidades principales: [&hellip;]\" \/>\n<meta property=\"og:url\" content=\"https:\/\/ugtaytosantander.es\/portal\/politica-privacidad\/\" \/>\n<meta property=\"og:site_name\" content=\"UGT Ayuntamiento de Santander\" \/>\n<meta property=\"article:modified_time\" content=\"2019-05-30T08:02:41+00:00\" \/>\n<meta name=\"twitter:card\" content=\"summary_large_image\" \/>\n<meta name=\"twitter:label1\" content=\"Tiempo de lectura\" \/>\n\t<meta name=\"twitter:data1\" content=\"9 minutos\" \/>\n<script type=\"application\/ld+json\" class=\"yoast-schema-graph\">{\"@context\":\"https:\\\/\\\/schema.org\",\"@graph\":[{\"@type\":\"WebPage\",\"@id\":\"https:\\\/\\\/ugtaytosantander.es\\\/portal\\\/politica-privacidad\\\/\",\"url\":\"https:\\\/\\\/ugtaytosantander.es\\\/portal\\\/politica-privacidad\\\/\",\"name\":\"Pol\u00edtica de privacidad - UGT Ayuntamiento de Santander\",\"isPartOf\":{\"@id\":\"https:\\\/\\\/ugtaytosantander.es\\\/portal\\\/#website\"},\"datePublished\":\"2019-03-28T10:43:54+00:00\",\"dateModified\":\"2019-05-30T08:02:41+00:00\",\"breadcrumb\":{\"@id\":\"https:\\\/\\\/ugtaytosantander.es\\\/portal\\\/politica-privacidad\\\/#breadcrumb\"},\"inLanguage\":\"es\",\"potentialAction\":[{\"@type\":\"ReadAction\",\"target\":[\"https:\\\/\\\/ugtaytosantander.es\\\/portal\\\/politica-privacidad\\\/\"]}]},{\"@type\":\"BreadcrumbList\",\"@id\":\"https:\\\/\\\/ugtaytosantander.es\\\/portal\\\/politica-privacidad\\\/#breadcrumb\",\"itemListElement\":[{\"@type\":\"ListItem\",\"position\":1,\"name\":\"Portada\",\"item\":\"https:\\\/\\\/ugtaytosantander.es\\\/portal\\\/\"},{\"@type\":\"ListItem\",\"position\":2,\"name\":\"Pol\u00edtica de privacidad\"}]},{\"@type\":\"WebSite\",\"@id\":\"https:\\\/\\\/ugtaytosantander.es\\\/portal\\\/#website\",\"url\":\"https:\\\/\\\/ugtaytosantander.es\\\/portal\\\/\",\"name\":\"UGT Ayuntamiento de Santander\",\"description\":\"Seccion Sindical UGT Ayto Santander\",\"publisher\":{\"@id\":\"https:\\\/\\\/ugtaytosantander.es\\\/portal\\\/#organization\"},\"potentialAction\":[{\"@type\":\"SearchAction\",\"target\":{\"@type\":\"EntryPoint\",\"urlTemplate\":\"https:\\\/\\\/ugtaytosantander.es\\\/portal\\\/?s={search_term_string}\"},\"query-input\":{\"@type\":\"PropertyValueSpecification\",\"valueRequired\":true,\"valueName\":\"search_term_string\"}}],\"inLanguage\":\"es\"},{\"@type\":\"Organization\",\"@id\":\"https:\\\/\\\/ugtaytosantander.es\\\/portal\\\/#organization\",\"name\":\"Secci\u00f3n Sindical de UGT del Ayuntamiento de Santander\",\"url\":\"https:\\\/\\\/ugtaytosantander.es\\\/portal\\\/\",\"logo\":{\"@type\":\"ImageObject\",\"inLanguage\":\"es\",\"@id\":\"https:\\\/\\\/ugtaytosantander.es\\\/portal\\\/#\\\/schema\\\/logo\\\/image\\\/\",\"url\":\"https:\\\/\\\/ugtaytosantander.es\\\/portal\\\/wp-content\\\/uploads\\\/2019\\\/03\\\/Logo-FESP200.png\",\"contentUrl\":\"https:\\\/\\\/ugtaytosantander.es\\\/portal\\\/wp-content\\\/uploads\\\/2019\\\/03\\\/Logo-FESP200.png\",\"width\":200,\"height\":123,\"caption\":\"Secci\u00f3n Sindical de UGT del Ayuntamiento de Santander\"},\"image\":{\"@id\":\"https:\\\/\\\/ugtaytosantander.es\\\/portal\\\/#\\\/schema\\\/logo\\\/image\\\/\"}}]}<\/script>\n<!-- \/ Yoast SEO plugin. -->","yoast_head_json":{"title":"Pol\u00edtica de privacidad - UGT Ayuntamiento de Santander","robots":{"index":"index","follow":"follow","max-snippet":"max-snippet:-1","max-image-preview":"max-image-preview:large","max-video-preview":"max-video-preview:-1"},"canonical":"https:\/\/ugtaytosantander.es\/portal\/politica-privacidad\/","og_locale":"es_ES","og_type":"article","og_title":"Pol\u00edtica de privacidad - UGT Ayuntamiento de Santander","og_description":"POL\u00cdTICA DE PRIVACIDAD RGPD Informaci\u00f3n Responsable del tratamiento: FeSP UGT Cantabria CIF: G78085149 Postal: C\/ Rualasal 8, 5\u00aa Planta \u2013 Santander \u2013 39001 (Santander) Tel\u00e9fono: 942364622 Contacto Delegado de Protecci\u00f3n de Datos (DPO):fesporg@cantabria.ugt.org Finalidades En nombre de FESP UGT CANTABRIA, te informamos que tratamos la informaci\u00f3n que, voluntariamente, nos facilitas, con las siguientes finalidades principales: [&hellip;]","og_url":"https:\/\/ugtaytosantander.es\/portal\/politica-privacidad\/","og_site_name":"UGT Ayuntamiento de Santander","article_modified_time":"2019-05-30T08:02:41+00:00","twitter_card":"summary_large_image","twitter_misc":{"Tiempo de lectura":"9 minutos"},"schema":{"@context":"https:\/\/schema.org","@graph":[{"@type":"WebPage","@id":"https:\/\/ugtaytosantander.es\/portal\/politica-privacidad\/","url":"https:\/\/ugtaytosantander.es\/portal\/politica-privacidad\/","name":"Pol\u00edtica de privacidad - UGT Ayuntamiento de Santander","isPartOf":{"@id":"https:\/\/ugtaytosantander.es\/portal\/#website"},"datePublished":"2019-03-28T10:43:54+00:00","dateModified":"2019-05-30T08:02:41+00:00","breadcrumb":{"@id":"https:\/\/ugtaytosantander.es\/portal\/politica-privacidad\/#breadcrumb"},"inLanguage":"es","potentialAction":[{"@type":"ReadAction","target":["https:\/\/ugtaytosantander.es\/portal\/politica-privacidad\/"]}]},{"@type":"BreadcrumbList","@id":"https:\/\/ugtaytosantander.es\/portal\/politica-privacidad\/#breadcrumb","itemListElement":[{"@type":"ListItem","position":1,"name":"Portada","item":"https:\/\/ugtaytosantander.es\/portal\/"},{"@type":"ListItem","position":2,"name":"Pol\u00edtica de privacidad"}]},{"@type":"WebSite","@id":"https:\/\/ugtaytosantander.es\/portal\/#website","url":"https:\/\/ugtaytosantander.es\/portal\/","name":"UGT Ayuntamiento de Santander","description":"Seccion Sindical UGT Ayto Santander","publisher":{"@id":"https:\/\/ugtaytosantander.es\/portal\/#organization"},"potentialAction":[{"@type":"SearchAction","target":{"@type":"EntryPoint","urlTemplate":"https:\/\/ugtaytosantander.es\/portal\/?s={search_term_string}"},"query-input":{"@type":"PropertyValueSpecification","valueRequired":true,"valueName":"search_term_string"}}],"inLanguage":"es"},{"@type":"Organization","@id":"https:\/\/ugtaytosantander.es\/portal\/#organization","name":"Secci\u00f3n Sindical de UGT del Ayuntamiento de Santander","url":"https:\/\/ugtaytosantander.es\/portal\/","logo":{"@type":"ImageObject","inLanguage":"es","@id":"https:\/\/ugtaytosantander.es\/portal\/#\/schema\/logo\/image\/","url":"https:\/\/ugtaytosantander.es\/portal\/wp-content\/uploads\/2019\/03\/Logo-FESP200.png","contentUrl":"https:\/\/ugtaytosantander.es\/portal\/wp-content\/uploads\/2019\/03\/Logo-FESP200.png","width":200,"height":123,"caption":"Secci\u00f3n Sindical de UGT del Ayuntamiento de Santander"},"image":{"@id":"https:\/\/ugtaytosantander.es\/portal\/#\/schema\/logo\/image\/"}}]}},"publishpress_future_action":{"enabled":false,"date":"2026-05-06 15:34:54","action":"change-status","newStatus":"trash","terms":[],"taxonomy":"","extraData":[]},"publishpress_future_workflow_manual_trigger":{"enabledWorkflows":[]},"_links":{"self":[{"href":"https:\/\/ugtaytosantander.es\/portal\/wp-json\/wp\/v2\/pages\/3","targetHints":{"allow":["GET"]}}],"collection":[{"href":"https:\/\/ugtaytosantander.es\/portal\/wp-json\/wp\/v2\/pages"}],"about":[{"href":"https:\/\/ugtaytosantander.es\/portal\/wp-json\/wp\/v2\/types\/page"}],"author":[{"embeddable":true,"href":"https:\/\/ugtaytosantander.es\/portal\/wp-json\/wp\/v2\/users\/1"}],"replies":[{"embeddable":true,"href":"https:\/\/ugtaytosantander.es\/portal\/wp-json\/wp\/v2\/comments?post=3"}],"version-history":[{"count":3,"href":"https:\/\/ugtaytosantander.es\/portal\/wp-json\/wp\/v2\/pages\/3\/revisions"}],"predecessor-version":[{"id":2015,"href":"https:\/\/ugtaytosantander.es\/portal\/wp-json\/wp\/v2\/pages\/3\/revisions\/2015"}],"wp:attachment":[{"href":"https:\/\/ugtaytosantander.es\/portal\/wp-json\/wp\/v2\/media?parent=3"}],"curies":[{"name":"wp","href":"https:\/\/api.w.org\/{rel}","templated":true}]}}